{"id":18458,"date":"2022-07-29T14:34:44","date_gmt":"2022-07-29T11:34:44","guid":{"rendered":"https:\/\/danimobhome.ro\/ingatlan\/elado-lakas-csikszeredaban\/"},"modified":"2024-09-30T14:16:36","modified_gmt":"2024-09-30T11:16:36","slug":"apartament-de-vanzare-miercurea-ciuc","status":"publish","type":"property","link":"https:\/\/danimobhome.ro\/ro\/imobil1\/apartament-de-vanzare-miercurea-ciuc\/","title":{"rendered":"Apartament de v\u00e2nzare \u00een Miercurea Ciuc - V\u00c2NDUT"},"content":{"rendered":"<p><\/p>\n<h6 class=\"wp-block-heading\">Apartament de v\u00e2nzare \u00een Miercurea Ciuc<\/h6>\n<p><\/p>\n<p><\/p>\n<p>Ofert\u0103 excelent\u0103 pentru cei care caut\u0103 s\u0103 \u00ee\u0219i cumpere un apartament spa\u021bios!<\/p>\n<p><\/p>\n<p><\/p>\n<p>De v\u00e2nzare \u00een Miercurea Ciuc o proprietate cu 3 dormitoare, parter, cu toate actele \u00een regul\u0103, \u00een <a href=\"https:\/\/www.google.com\/maps\/@46.3543813,25.8073225,3a,75y,131.32h,84.34t\/data=!3m6!1e1!3m4!1sUFSxM0M5hqpYuM8Loech-w!2e0!7i13312!8i6656\" target=\"_blank\" rel=\"noopener\">Bulevardul Fr\u0103\u021biei<\/a>, l\u00e2ng\u0103 sec\u021bia jude\u021bean\u0103 de poli\u021bie. \u00cen prezent este mobilat ca birou, dar este potrivit pentru orice alt\u0103 afacere sau poate fi u\u0219or de transformat \u00een locuin\u021b\u0103.<\/p>\n<p><\/p>\n<p><\/p>\n<p>Apartamentul este renovat, acesta fiind dotat cu geamuri termopane, cu u\u0219\u0103 de intrare securizat\u0103 \u0219i cu central\u0103 termic\u0103. Partea din spatele blocului are o deschidere spre o zon\u0103 lini\u0219tit\u0103 \u0219i frumos amenajat\u0103.<\/p>\n<p><\/p>\n<p><\/p>\n<p>&nbsp;<\/p>\n<p><\/p>\n<p><\/p>\n<p>Dac\u0103 dori\u021bi s\u0103 vizita\u021bi imobilul sau eventual s\u0103 afla\u021bi mai multe detalii \u00een leg\u0103tur\u0103 cu acesta, v\u0103 rug\u0103m s\u0103 ne contacta\u021bi telefonic sau s\u0103 trece\u021bi pe la biroul nostru!<\/p>\n<p><\/p>\n<p><\/p>\n<p>Tel: 0746 554 424<\/p>\n<p><\/p>\n<p><\/p>\n<p>Miercurea Ciuc, Str. Pet\u0151fi S\u00e1ndor nr. 4<\/p>\n<p><\/p>\n<p><\/p>\n<p>Nu acesta este anun\u021bul pe care \u00eel c\u0103uta\u021bi?<\/p>\n<p><\/p>\n<p><\/p>\n<p>Sunte\u021bi interesat de alte tipuri de propriet\u0103\u021bi?<\/p>\n<p><\/p>\n<p><\/p>\n<p>V\u0103 rug\u0103m s\u0103 consulta\u021bi <a href=\"https:\/\/danimobhome.ro\/ro\/anunturi-imobiliare\/\" target=\"_blank\" rel=\"noopener\">alte oferte ale noastre<\/a> sau contacta\u021bi-ne personal sau prin telefon!<\/p>\n<p><\/p>","protected":false},"excerpt":{"rendered":"<p>Apartament de v\u00e2nzare \u00een Chi\u0219in\u0103u O ofert\u0103 excelent\u0103 pentru cei care sunt \u00een c\u0103utarea unui apartament spa\u021bios! De v\u00e2nzare \u00een Chi\u0219in\u0103u este o proprietate cu 3 camere la parter, cu toate actele \u00een regul\u0103, situat\u0103 pe Bulevardul Fr\u0103\u021biei, l\u00e2ng\u0103 Comisariatul Jude\u021bean de Poli\u021bie. \u00cen prezent este mobilat ca un birou, dar este potrivit pentru orice alt\u0103 afacere sau chiar u\u0219or de transformat \u00een locuin\u021b\u0103. Apartamentul a fost renovat, cu ferestre izolate, u\u0219\u0103 de intrare de securitate, [...]<\/p>","protected":false},"author":2,"featured_media":18457,"parent":0,"menu_order":0,"template":"","property_type":[79],"property_status":[92],"property_feature":[119,118,120,115],"property_label":[116],"property_city":[85],"class_list":["post-18458","property","type-property","status-publish","has-post-thumbnail","hentry","property_type-apartman","property_status-eladva","property_feature-fout-mellett","property_feature-hoszigetelt-nyilaszarok","property_feature-kozmuvesitett","property_feature-sajat-kozponti-futes","property_label-csendes-kornyezet","property_city-csikszereda"],"property_meta":{"rank_math_internal_links_processed":["1"],"fave_property_price":["1"],"fave_property_size":["65"],"fave_property_rooms":["3"],"fave_property_bathrooms":["1"],"fave_property_id":["18458"],"fave_featured":["0"],"fave_loggedintoview":["0"],"fave_mortgage_cal":["0"],"fave_payment_status":["not_paid"],"fave_agent_display_option":["author_info"],"houzez_total_property_views":["12028"],"houzez_views_by_date":["a:61:{s:10:\"02-28-2026\";i:10;s:10:\"03-01-2026\";i:10;s:10:\"03-02-2026\";i:10;s:10:\"03-03-2026\";i:10;s:10:\"03-04-2026\";i:8;s:10:\"03-05-2026\";i:10;s:10:\"03-06-2026\";i:8;s:10:\"03-07-2026\";i:11;s:10:\"03-08-2026\";i:8;s:10:\"03-09-2026\";i:10;s:10:\"03-10-2026\";i:8;s:10:\"03-11-2026\";i:8;s:10:\"03-12-2026\";i:10;s:10:\"03-13-2026\";i:12;s:10:\"03-14-2026\";i:8;s:10:\"03-15-2026\";i:12;s:10:\"03-16-2026\";i:10;s:10:\"03-17-2026\";i:9;s:10:\"03-18-2026\";i:8;s:10:\"03-19-2026\";i:11;s:10:\"03-20-2026\";i:11;s:10:\"03-21-2026\";i:8;s:10:\"03-22-2026\";i:9;s:10:\"03-23-2026\";i:9;s:10:\"03-24-2026\";i:10;s:10:\"03-25-2026\";i:15;s:10:\"03-26-2026\";i:8;s:10:\"03-27-2026\";i:9;s:10:\"03-28-2026\";i:8;s:10:\"03-29-2026\";i:9;s:10:\"03-30-2026\";i:12;s:10:\"03-31-2026\";i:8;s:10:\"04-01-2026\";i:9;s:10:\"04-02-2026\";i:8;s:10:\"04-03-2026\";i:9;s:10:\"04-04-2026\";i:9;s:10:\"04-05-2026\";i:10;s:10:\"04-06-2026\";i:8;s:10:\"04-07-2026\";i:8;s:10:\"04-08-2026\";i:9;s:10:\"04-09-2026\";i:10;s:10:\"04-10-2026\";i:9;s:10:\"04-11-2026\";i:12;s:10:\"04-12-2026\";i:8;s:10:\"04-13-2026\";i:8;s:10:\"04-14-2026\";i:10;s:10:\"04-15-2026\";i:9;s:10:\"04-16-2026\";i:10;s:10:\"04-17-2026\";i:8;s:10:\"04-18-2026\";i:8;s:10:\"04-19-2026\";i:9;s:10:\"04-20-2026\";i:10;s:10:\"04-21-2026\";i:10;s:10:\"04-22-2026\";i:8;s:10:\"04-23-2026\";i:10;s:10:\"04-24-2026\";i:8;s:10:\"04-25-2026\";i:10;s:10:\"04-26-2026\";i:8;s:10:\"04-27-2026\";i:11;s:10:\"04-28-2026\";i:8;s:10:\"04-29-2026\";i:4;}"],"houzez_recently_viewed":["2026-04-29 10:14:58"],"_edit_lock":["1665513427:4"],"rank_math_seo_score":["79"],"rank_math_description":["Elad\u00f3 lak\u00e1s Cs\u00edkszered\u00e1ban. Az ingatlan 3 szob\u00e1s, f\u00f6ldszinti rendezett pap\u00edrokkal, a Testv\u00e9ris\u00e9g sug\u00e1r\u00faton, a megyei rend\u0151rs\u00e9g szomsz\u00e9ds\u00e1g\u00e1ban."],"rank_math_focus_keyword":["Elad\u00f3 lak\u00e1s"],"_edit_last":["4"],"fave_property_location":["0,0,0"],"houzez_geolocation_lat":["0"],"houzez_geolocation_long":["0"],"fave_property_map_street_view":["hide"],"fave_single_top_area":["global"],"fave_single_content_area":["global"],"houzez_manual_expire":["0"],"_houzez_expiration_date_status":["saved"],"rank_math_analytic_object_id":["53"],"litespeed_vpi_list":["a:7:{i:0;s:23:\"danimob__logo-text2.svg\";i:1;s:9:\"hu_HU.png\";i:2;s:21:\"Danimob-logo-kep3.svg\";i:3;s:11:\"Elado-4.png\";i:5;s:9:\"ro_RO.png\";i:6;s:20:\"Elado-4-1170x785.png\";i:7;s:18:\"profile-avatar.png\";}"],"_trp_translated_slug_ro_RO":["apartament-de-vanzare-miercurea-ciuc"],"litespeed_vpi_list_mobile":["a:8:{i:0;s:23:\"danimob__logo-text2.svg\";i:1;s:20:\"Elado-4-1170x785.png\";i:2;s:36:\"Elado-lakas-Csikszereda-1170x785.png\";i:3;s:18:\"profile-avatar.png\";i:4;s:21:\"Danimob-logo-kep3.svg\";i:5;s:37:\"elado-ingatlan-Csikszereda-scaled.jpg\";i:6;s:20:\"Fratiei-1-scaled.jpg\";i:7;s:20:\"Fratiei-3-scaled.jpg\";}"],"fave_property_price_postfix":[""],"fave_property_sec_price":[""],"fave_property_land":[""],"fave_property_garage":[""],"fave_property_year":[""],"additional_features":[""],"floor_plans":[""],"fave_multi_units":[""],"fave_property_disclaimer":[""],"fave_show_price_placeholder":["0"],"fave_property_price_placeholder":[""],"fave_property_images":["18457","18451","18450","18452","18454","18453","18456","18455"],"_thumbnail_id":["18457"],"_elementor_page_assets":["a:0:{}"]},"_links":{"self":[{"href":"https:\/\/danimobhome.ro\/ro\/wp-json\/wp\/v2\/properties\/18458","targetHints":{"allow":["GET"]}}],"collection":[{"href":"https:\/\/danimobhome.ro\/ro\/wp-json\/wp\/v2\/properties"}],"about":[{"href":"https:\/\/danimobhome.ro\/ro\/wp-json\/wp\/v2\/types\/property"}],"author":[{"embeddable":true,"href":"https:\/\/danimobhome.ro\/ro\/wp-json\/wp\/v2\/users\/2"}],"version-history":[{"count":8,"href":"https:\/\/danimobhome.ro\/ro\/wp-json\/wp\/v2\/properties\/18458\/revisions"}],"predecessor-version":[{"id":19628,"href":"https:\/\/danimobhome.ro\/ro\/wp-json\/wp\/v2\/properties\/18458\/revisions\/19628"}],"wp:featuredmedia":[{"embeddable":true,"href":"https:\/\/danimobhome.ro\/ro\/wp-json\/wp\/v2\/media\/18457"}],"wp:attachment":[{"href":"https:\/\/danimobhome.ro\/ro\/wp-json\/wp\/v2\/media?parent=18458"}],"wp:term":[{"taxonomy":"property_type","embeddable":true,"href":"https:\/\/danimobhome.ro\/ro\/wp-json\/wp\/v2\/property_type?post=18458"},{"taxonomy":"property_status","embeddable":true,"href":"https:\/\/danimobhome.ro\/ro\/wp-json\/wp\/v2\/property_status?post=18458"},{"taxonomy":"property_feature","embeddable":true,"href":"https:\/\/danimobhome.ro\/ro\/wp-json\/wp\/v2\/property_feature?post=18458"},{"taxonomy":"property_label","embeddable":true,"href":"https:\/\/danimobhome.ro\/ro\/wp-json\/wp\/v2\/property_label?post=18458"},{"taxonomy":"property_city","embeddable":true,"href":"https:\/\/danimobhome.ro\/ro\/wp-json\/wp\/v2\/property_city?post=18458"}],"curies":[{"name":"wp","href":"https:\/\/api.w.org\/{rel}","templated":true}]}}