{"id":18545,"date":"2022-09-22T13:34:39","date_gmt":"2022-09-22T10:34:39","guid":{"rendered":"https:\/\/danimobhome.ro\/ingatlan\/elado-beltelek-csikszentkiralyon\/"},"modified":"2025-01-09T12:35:12","modified_gmt":"2025-01-09T10:35:12","slug":"teren-de-vanzare-in-sancraieni","status":"publish","type":"property","link":"https:\/\/danimobhome.ro\/ro\/imobil1\/teren-de-vanzare-in-sancraieni\/","title":{"rendered":"De v\u00e2nzare teren  \u00een S\u00e2ncr\u0103ieni - V\u00c2NDUT"},"content":{"rendered":"<p>Teren de v\u00e2nzare \u00een S\u00e2ncr\u0103ieni, suprafa\u021ba interioar\u0103 este de 5322 m2, l\u00e2ng\u0103 drumul principal la intrarea \u00een Miercurea Ciuc.<\/p>\n<p>Are o form\u0103 triunghiular\u0103. Este m\u0103rginit pe ambele p\u0103r\u021bi de un drum asfaltat (E578 pe de o parte \u0219i \u0219oseaua de tarla pe de alta).<\/p>\n<p>Planul urbanistic zonal (P.U.Z.) este \u00een curs de aprobare.<\/p>\n<p>Potrivit pentru investi\u021bii industriale, spa\u021bii comerciale sau activit\u0103\u021bi similare.<\/p>\n<p>Ne ocup\u0103m de imobiliare \u00een Chi\u0219in\u0103u.<\/p>\n<p>Pre\u021b : 17 euro\/ m2<\/p>\n<p>Miercurea Ciuc, str. Pet\u0151fi S\u00e1ndor nr. 4<\/p>\n<p>Telefon : 0746-55-44-24<\/p>\n<p>Nu acesta este anun\u021bul pe care \u00eel c\u0103uta\u021bi?<\/p>\n<p>Sunte\u021bi interesat de alte tipuri de propriet\u0103\u021bi?<\/p>\n<p>V\u0103 rug\u0103m s\u0103 v\u0103 uita\u021bi la celelalte oferte de pe site-ul nostru sau s\u0103 ne contacta\u021bi telefonic!<\/p>","protected":false},"excerpt":{"rendered":"<p>De v\u00e2nzare un teren de 5322 m2 \u00een Cs\u00edkszentkir\u00e1ly, l\u00e2ng\u0103 drumul principal la intrarea \u00een Cs\u00edkszereda. Acesta are o form\u0103 triunghiular\u0103. Este m\u0103rginit pe ambele p\u0103r\u021bi de un drum asfaltat (E578 pe o parte \u0219i drumul de tarla pe cealalt\u0103). Planul de urbanism (P.U.Z) este \u00een curs de aprobare. Potrivit pentru investi\u021bii industriale, spa\u021bii comerciale sau activit\u0103\u021bi similare. Este inclus\u0103 \u0219i proprietatea din Chi\u0219in\u0103u. Pre\u021b : 17 euro\/ m2 \u00een Miercureda, [...]<\/p>","protected":false},"author":2,"featured_media":18536,"parent":0,"menu_order":0,"template":"","property_type":[103],"property_status":[92],"property_feature":[119],"property_label":[],"property_city":[142],"class_list":["post-18545","property","type-property","status-publish","has-post-thumbnail","hentry","property_type-terulet","property_status-eladva","property_feature-fout-mellett","property_city-csikszentkiraly"],"property_meta":{"rank_math_internal_links_processed":["1"],"fave_property_price":["17"],"fave_property_price_postfix":["\/ m2"],"fave_property_land":["5322"],"fave_property_id":["18545"],"fave_featured":["0"],"fave_loggedintoview":["0"],"fave_mortgage_cal":["0"],"fave_payment_status":["not_paid"],"fave_agent_display_option":["author_info"],"houzez_total_property_views":["11389"],"houzez_views_by_date":["a:61:{s:10:\"02-28-2026\";i:11;s:10:\"03-01-2026\";i:11;s:10:\"03-02-2026\";i:10;s:10:\"03-03-2026\";i:8;s:10:\"03-04-2026\";i:10;s:10:\"03-05-2026\";i:11;s:10:\"03-06-2026\";i:9;s:10:\"03-07-2026\";i:9;s:10:\"03-08-2026\";i:8;s:10:\"03-09-2026\";i:12;s:10:\"03-10-2026\";i:9;s:10:\"03-11-2026\";i:9;s:10:\"03-12-2026\";i:10;s:10:\"03-13-2026\";i:10;s:10:\"03-14-2026\";i:8;s:10:\"03-15-2026\";i:13;s:10:\"03-16-2026\";i:10;s:10:\"03-17-2026\";i:8;s:10:\"03-18-2026\";i:8;s:10:\"03-19-2026\";i:12;s:10:\"03-20-2026\";i:8;s:10:\"03-21-2026\";i:8;s:10:\"03-22-2026\";i:10;s:10:\"03-23-2026\";i:8;s:10:\"03-24-2026\";i:10;s:10:\"03-25-2026\";i:15;s:10:\"03-26-2026\";i:8;s:10:\"03-27-2026\";i:8;s:10:\"03-28-2026\";i:9;s:10:\"03-29-2026\";i:8;s:10:\"03-30-2026\";i:15;s:10:\"03-31-2026\";i:8;s:10:\"04-01-2026\";i:11;s:10:\"04-02-2026\";i:9;s:10:\"04-03-2026\";i:9;s:10:\"04-04-2026\";i:10;s:10:\"04-05-2026\";i:8;s:10:\"04-06-2026\";i:11;s:10:\"04-07-2026\";i:8;s:10:\"04-08-2026\";i:8;s:10:\"04-09-2026\";i:9;s:10:\"04-10-2026\";i:10;s:10:\"04-11-2026\";i:10;s:10:\"04-12-2026\";i:9;s:10:\"04-13-2026\";i:8;s:10:\"04-14-2026\";i:10;s:10:\"04-15-2026\";i:11;s:10:\"04-16-2026\";i:8;s:10:\"04-17-2026\";i:8;s:10:\"04-18-2026\";i:8;s:10:\"04-19-2026\";i:10;s:10:\"04-20-2026\";i:10;s:10:\"04-21-2026\";i:10;s:10:\"04-22-2026\";i:8;s:10:\"04-23-2026\";i:9;s:10:\"04-24-2026\";i:11;s:10:\"04-25-2026\";i:8;s:10:\"04-26-2026\";i:8;s:10:\"04-27-2026\";i:11;s:10:\"04-28-2026\";i:8;s:10:\"04-29-2026\";i:6;}"],"houzez_recently_viewed":["2026-04-29 15:07:58"],"litespeed_vpi_list":["a:14:{i:0;s:23:\"danimob__logo-text2.svg\";i:1;s:9:\"ro_RO.png\";i:2;s:43:\"ELADO-BELTELEK-CSIKSZENTKIRALY-1170x785.png\";i:3;s:42:\"ELADO-BELTELEK-CSIKSZENTKIRALY-592x444.png\";i:4;s:39:\"elado-telek-csikszentkiraly-592x444.jpg\";i:5;s:30:\"telek-elado-dron-1-592x444.jpg\";i:6;s:33:\"telek-csikszentkiraly-592x444.jpg\";i:7;s:43:\"csikszentkiralyi-beltelek-elado-592x444.jpg\";i:8;s:50:\"teren-de-vanzare-intravilan-sancraieni-592x444.jpg\";i:9;s:33:\"teren-intravilan-Ciuc-592x444.jpg\";i:10;s:37:\"Teren-intravilan-beltelek-592x444.jpg\";i:11;s:18:\"profile-avatar.png\";i:12;s:21:\"Danimob-logo-kep3.svg\";i:13;s:34:\"ELADO-BELTELEK-CSIKSZENTKIRALY.png\";}"],"litespeed_vpi_list_mobile":["a:13:{i:0;s:23:\"danimob__logo-text2.svg\";i:1;s:43:\"ELADO-BELTELEK-CSIKSZENTKIRALY-1170x785.png\";i:2;s:42:\"ELADO-BELTELEK-CSIKSZENTKIRALY-592x444.png\";i:3;s:39:\"elado-telek-csikszentkiraly-592x444.jpg\";i:4;s:30:\"telek-elado-dron-1-592x444.jpg\";i:5;s:33:\"telek-csikszentkiraly-592x444.jpg\";i:6;s:43:\"csikszentkiralyi-beltelek-elado-592x444.jpg\";i:7;s:50:\"teren-de-vanzare-intravilan-sancraieni-592x444.jpg\";i:8;s:33:\"teren-intravilan-Ciuc-592x444.jpg\";i:9;s:37:\"Teren-intravilan-beltelek-592x444.jpg\";i:10;s:18:\"profile-avatar.png\";i:11;s:21:\"Danimob-logo-kep3.svg\";i:12;s:34:\"ELADO-BELTELEK-CSIKSZENTKIRALY.png\";}"],"_trp_translated_slug_ro_RO":["teren-de-vanzare-in-sancraieni"],"_edit_lock":["1665395056:4"],"rank_math_seo_score":["55"],"rank_math_focus_keyword":["elad\u00f3 beltelek cs\u00edkszentkir\u00e1lyon"],"_edit_last":["4"],"fave_property_location":["0,0,0"],"houzez_geolocation_lat":["0"],"houzez_geolocation_long":["0"],"fave_property_map_street_view":["hide"],"fave_single_top_area":["global"],"fave_single_content_area":["global"],"houzez_manual_expire":["0"],"_houzez_expiration_date_status":["saved"],"rank_math_analytic_object_id":["59"],"fave_property_sec_price":[""],"fave_property_size":[""],"fave_property_rooms":[""],"fave_property_bathrooms":[""],"fave_property_garage":[""],"fave_property_year":[""],"additional_features":[""],"floor_plans":[""],"fave_multi_units":[""],"fave_property_disclaimer":[""],"fave_show_price_placeholder":["0"],"fave_property_price_placeholder":[""],"fave_property_images":["18536","18537","18539","18540","18541","18542","18543","18544"],"_thumbnail_id":["18536"],"_elementor_page_assets":["a:0:{}"]},"_links":{"self":[{"href":"https:\/\/danimobhome.ro\/ro\/wp-json\/wp\/v2\/properties\/18545","targetHints":{"allow":["GET"]}}],"collection":[{"href":"https:\/\/danimobhome.ro\/ro\/wp-json\/wp\/v2\/properties"}],"about":[{"href":"https:\/\/danimobhome.ro\/ro\/wp-json\/wp\/v2\/types\/property"}],"author":[{"embeddable":true,"href":"https:\/\/danimobhome.ro\/ro\/wp-json\/wp\/v2\/users\/2"}],"version-history":[{"count":5,"href":"https:\/\/danimobhome.ro\/ro\/wp-json\/wp\/v2\/properties\/18545\/revisions"}],"predecessor-version":[{"id":19739,"href":"https:\/\/danimobhome.ro\/ro\/wp-json\/wp\/v2\/properties\/18545\/revisions\/19739"}],"wp:featuredmedia":[{"embeddable":true,"href":"https:\/\/danimobhome.ro\/ro\/wp-json\/wp\/v2\/media\/18536"}],"wp:attachment":[{"href":"https:\/\/danimobhome.ro\/ro\/wp-json\/wp\/v2\/media?parent=18545"}],"wp:term":[{"taxonomy":"property_type","embeddable":true,"href":"https:\/\/danimobhome.ro\/ro\/wp-json\/wp\/v2\/property_type?post=18545"},{"taxonomy":"property_status","embeddable":true,"href":"https:\/\/danimobhome.ro\/ro\/wp-json\/wp\/v2\/property_status?post=18545"},{"taxonomy":"property_feature","embeddable":true,"href":"https:\/\/danimobhome.ro\/ro\/wp-json\/wp\/v2\/property_feature?post=18545"},{"taxonomy":"property_label","embeddable":true,"href":"https:\/\/danimobhome.ro\/ro\/wp-json\/wp\/v2\/property_label?post=18545"},{"taxonomy":"property_city","embeddable":true,"href":"https:\/\/danimobhome.ro\/ro\/wp-json\/wp\/v2\/property_city?post=18545"}],"curies":[{"name":"wp","href":"https:\/\/api.w.org\/{rel}","templated":true}]}}